{"id":6910,"date":"2016-08-17T12:22:17","date_gmt":"2016-08-17T12:22:17","guid":{"rendered":"https:\/\/www.gestoriaportol.com\/variant-1\/"},"modified":"2024-07-30T14:38:37","modified_gmt":"2024-07-30T12:38:37","slug":"variant-1","status":"publish","type":"page","link":"https:\/\/www.gestoriaportol.com\/ca\/","title":{"rendered":"Inici"},"content":{"rendered":"<section class=\"l-section wpb_row height_auto width_full\"><div class=\"l-section-h i-cf\"><div class=\"g-cols vc_row via_flex valign_top type_default stacking_default\"><div class=\"vc_col-sm-12 wpb_column vc_column_container\"><div class=\"vc_column-inner\"><div class=\"wpb_wrapper\"><div class=\"w-map provider_google\" id=\"us_map_1\"><div class=\"w-map-inner\"><div class=\"w-map-json\" onclick='return {&quot;address&quot;:&quot;39.605415, 2.669255&quot;,&quot;disableDragging&quot;:0,&quot;disableZoom&quot;:0,&quot;hideControls&quot;:0,&quot;zoom&quot;:14,&quot;markers&quot;:[{&quot;address&quot;:&quot;39.605415, 2.669255&quot;,&quot;html&quot;:&quot;&lt;h4&gt;Gestor\\u00eda P\\u00f2rtol&lt;\\\/h4&gt;\\nGran V\\u00eda Asima, 15, 1\\u00ba izquierda&lt;br\\\/&gt;\\nPol\\u00edgono Son Castell\\u00f3 - 07009 Palma&quot;,&quot;infowindow&quot;:&quot;1&quot;}],&quot;maptype&quot;:&quot;ROADMAP&quot;}'><\/div><\/div><\/div><\/div><\/div><\/div><\/div><\/div><\/section><section class=\"l-section wpb_row height_small\" id=\"features\"><div class=\"l-section-h i-cf\"><div class=\"g-cols vc_row via_flex valign_top type_default stacking_default\"><div class=\"vc_col-sm-12 wpb_column vc_column_container us_animate_afb\"><div class=\"vc_column-inner\"><div class=\"wpb_wrapper\"><div class=\"wpb_text_column\"><div class=\"wpb_wrapper\"><h2 style=\"text-align: center;\">Horari<\/h2>\n<p style=\"text-align: center; font-size: 24px;\">De dilluns a divendres de 8:00 a 20:00. No tanquem al migdia.<br \/>\nDissabtes (excepte agost) de 9:00 a 13:00<\/p>\n<\/div><\/div><div class=\"w-separator size_large\"><\/div><div class=\"g-cols wpb_row via_flex valign_top type_default stacking_default\"><div class=\"vc_col-sm-4 wpb_column vc_column_container\"><div class=\"vc_column-inner\"><div class=\"wpb_wrapper\"><div class=\"w-iconbox iconpos_top style_default color_secondary align_center no_text icontype_img\"><a title=\"Matriculaci\u00f3n veh\u00edculos extranjeros\" href=\"https:\/\/www.gestoriaportol.com\/ca\/matriculacio-vehicles-estrangers\/\" class=\"w-iconbox-link\" aria-label=\"Matriculacions de vehicles estrangers\"><div class=\"w-iconbox-icon\" style=\"font-size:48px;\"><img loading=\"lazy\" decoding=\"async\" width=\"350\" height=\"275\" src=\"https:\/\/www.gestoriaportol.com\/wp-content\/uploads\/2019\/02\/international-vehicle.png\" class=\"attachment-full size-full\" alt=\"\" srcset=\"https:\/\/www.gestoriaportol.com\/wp-content\/uploads\/2019\/02\/international-vehicle.png 350w, https:\/\/www.gestoriaportol.com\/wp-content\/uploads\/2019\/02\/international-vehicle-300x236.png 300w\" sizes=\"auto, (max-width: 350px) 100vw, 350px\" \/><\/div><\/a><div class=\"w-iconbox-meta\"><h5 class=\"w-iconbox-title\"><a title=\"Matriculaci\u00f3n veh\u00edculos extranjeros\" href=\"https:\/\/www.gestoriaportol.com\/ca\/matriculacio-vehicles-estrangers\/\" class=\"w-iconbox-link\" aria-label=\"Matriculacions de vehicles estrangers\">Matriculacions de vehicles estrangers<\/a><\/h5><\/div><\/div><div class=\"w-separator size_large\"><\/div><\/div><\/div><\/div><div class=\"vc_col-sm-4 wpb_column vc_column_container\"><div class=\"vc_column-inner\"><div class=\"wpb_wrapper\"><div class=\"w-iconbox iconpos_top style_default color_secondary align_center no_text\"><a title=\"Transfer\u00e8ncies telem\u00e0tiques de vehicles\" href=\"https:\/\/www.gestoriaportol.com\/ca\/transferencies-telematiques-de-vehicles\/\" class=\"w-iconbox-link\" aria-label=\"Transfer\u00e8ncies telem\u00e0tiques\"><div class=\"w-iconbox-icon\" style=\"font-size:48px;\"><i class=\"fas fa-car\"><\/i><\/div><\/a><div class=\"w-iconbox-meta\"><h5 class=\"w-iconbox-title\"><a title=\"Transfer\u00e8ncies telem\u00e0tiques de vehicles\" href=\"https:\/\/www.gestoriaportol.com\/ca\/transferencies-telematiques-de-vehicles\/\" class=\"w-iconbox-link\" aria-label=\"Transfer\u00e8ncies telem\u00e0tiques\">Transfer\u00e8ncies telem\u00e0tiques<\/a><\/h5><\/div><\/div><div class=\"w-separator size_large\"><\/div><\/div><\/div><\/div><div class=\"vc_col-sm-4 wpb_column vc_column_container\"><div class=\"vc_column-inner\"><div class=\"wpb_wrapper\"><div class=\"w-iconbox iconpos_top style_default color_secondary align_center no_text icontype_img\"><a title=\"Baixes\" href=\"https:\/\/www.gestoriaportol.com\/ca\/baixes\/\" class=\"w-iconbox-link\" aria-label=\"Baixes temporales i definitives\"><div class=\"w-iconbox-icon\" style=\"font-size:48px;\"><img loading=\"lazy\" decoding=\"async\" width=\"353\" height=\"315\" src=\"https:\/\/www.gestoriaportol.com\/wp-content\/uploads\/2019\/02\/baja-vehiculo-car.png\" class=\"attachment-full size-full\" alt=\"\" srcset=\"https:\/\/www.gestoriaportol.com\/wp-content\/uploads\/2019\/02\/baja-vehiculo-car.png 353w, https:\/\/www.gestoriaportol.com\/wp-content\/uploads\/2019\/02\/baja-vehiculo-car-300x268.png 300w\" sizes=\"auto, (max-width: 353px) 100vw, 353px\" \/><\/div><\/a><div class=\"w-iconbox-meta\"><h5 class=\"w-iconbox-title\"><a title=\"Baixes\" href=\"https:\/\/www.gestoriaportol.com\/ca\/baixes\/\" class=\"w-iconbox-link\" aria-label=\"Baixes temporales i definitives\">Baixes temporales i definitives<\/a><\/h5><\/div><\/div><div class=\"w-separator size_large\"><\/div><\/div><\/div><\/div><\/div><div class=\"g-cols wpb_row via_flex valign_top type_default stacking_default\"><div class=\"vc_col-sm-4 wpb_column vc_column_container\"><div class=\"vc_column-inner\"><div class=\"wpb_wrapper\"><div class=\"w-iconbox inicioIconColor iconpos_top style_default color_secondary align_center no_text icontype_img\"><a title=\"Transfer\u00e8ncies telem\u00e0tiques de vehicles\" href=\"https:\/\/www.gestoriaportol.com\/ca\/transferencia-dembarcacions\/\" class=\"w-iconbox-link\" aria-label=\"Transfer\u00e8ncia d&#8217;embarcacions\"><div class=\"w-iconbox-icon\" style=\"font-size:48px;\"><?xml version=\"1.0\" encoding=\"utf-8\"?>\n<!-- Generator: Adobe Illustrator 16.2.1, SVG Export Plug-In . SVG Version: 6.00 Build 0)  -->\n<!DOCTYPE svg PUBLIC \"-\/\/W3C\/\/DTD SVG 1.1\/\/EN\" \"http:\/\/www.w3.org\/Graphics\/SVG\/1.1\/DTD\/svg11.dtd\">\n<svg version=\"1.1\" id=\"Layer_1\" xmlns=\"http:\/\/www.w3.org\/2000\/svg\" xmlns:xlink=\"http:\/\/www.w3.org\/1999\/xlink\" x=\"0px\" y=\"0px\"\n\t width=\"512px\" height=\"512px\" viewBox=\"0 0 512 512\" enable-background=\"new 0 0 512 512\" xml:space=\"preserve\">\n<g>\n\t<path style=\"fill:#ff2a2a;\" d=\"M84.255,413h1.063c34.123,0,63.977-19.021,85.305-42.494c21.325,23.473,51.18,42.762,85.304,42.762\n\t\ts63.979-19.334,85.305-42.806C362.559,393.934,392.412,413,426.535,413h1.062l51.253-138.78c2.126-5.329,1.063-11.641-1.07-16.976\n\t\tc-2.136-5.333-7.237-8.487-12.567-10.623L427,234.133v-98.15C427,112.51,407.344,93,383.884,93h-63.979l-15.993-53h-95.969\n\t\tl-15.995,53h-63.979C104.511,93,85,112.51,85,135.982v98.15l-38.074,12.533c-5.33,2.136-10.582,5.334-12.718,10.667\n\t\tc-2.135,5.335-3.158,10.49-1.031,16.887L84.255,413z M128,136h256v84.261l-128-41.605l-128,41.605V136z\"\/>\n\t<path style=\"fill:#ff2a2a;\" d=\"M341.231,408.007c-52.253,36.267-118.356,36.258-170.608-0.009c0,0-57.638,64.002-106.632,64.002h21.327\n\t\tc29.854,0,58.646-11.726,85.305-25.594c53.315,27.734,117.293,27.728,170.608-0.007C367.89,460.268,396.681,472,426.535,472h21.328\n\t\tC400.212,472,341.231,408.007,341.231,408.007z\"\/>\n<\/g>\n<\/svg>\n<\/div><\/a><div class=\"w-iconbox-meta\"><h5 class=\"w-iconbox-title\"><a title=\"Transfer\u00e8ncies telem\u00e0tiques de vehicles\" href=\"https:\/\/www.gestoriaportol.com\/ca\/transferencia-dembarcacions\/\" class=\"w-iconbox-link\" aria-label=\"Transfer\u00e8ncia d&#8217;embarcacions\">Transfer\u00e8ncia d&#8217;embarcacions<\/a><\/h5><\/div><\/div><\/div><\/div><\/div><div class=\"vc_col-sm-4 wpb_column vc_column_container\"><div class=\"vc_column-inner\"><div class=\"wpb_wrapper\"><div class=\"w-iconbox iconpos_top style_default color_secondary align_center no_text\"><div class=\"w-iconbox-icon\" style=\"font-size:48px;\"><i class=\"fas fa-truck\"><\/i><\/div><div class=\"w-iconbox-meta\"><h5 class=\"w-iconbox-title\">Targetes de transport<\/h5><\/div><\/div><\/div><\/div><\/div><div class=\"vc_col-sm-4 wpb_column vc_column_container\"><div class=\"vc_column-inner\"><div class=\"wpb_wrapper\"><div class=\"w-iconbox iconpos_top style_default color_secondary align_center no_text\"><a title=\"Informe de vehicles\" href=\"https:\/\/www.gestoriaportol.com\/ca\/informe-de-vehicles\/\" class=\"w-iconbox-link\" aria-label=\"Informe vehicles DGT\"><div class=\"w-iconbox-icon\" style=\"font-size:48px;\"><i class=\"far fa-newspaper\"><\/i><\/div><\/a><div class=\"w-iconbox-meta\"><h5 class=\"w-iconbox-title\"><a title=\"Informe de vehicles\" href=\"https:\/\/www.gestoriaportol.com\/ca\/informe-de-vehicles\/\" class=\"w-iconbox-link\" aria-label=\"Informe vehicles DGT\">Informe vehicles DGT<\/a><\/h5><\/div><\/div><\/div><\/div><\/div><\/div><\/div><\/div><\/div><\/div><\/div><\/section><section class=\"l-section wpb_row height_small\"><div class=\"l-section-h i-cf\"><div class=\"g-cols vc_row via_flex valign_top type_default stacking_default\"><div class=\"vc_col-sm-12 wpb_column vc_column_container\"><div class=\"vc_column-inner\"><div class=\"wpb_wrapper\"><div class=\"w-actionbox color_primary controls_right\"><div class=\"w-actionbox-text\"><h2 class=\"w-actionbox-title\">Sol\u00b7licita pressupost<\/h2><\/div><div class=\"w-actionbox-controls\"><a class=\"w-btn us-btn-style_1\" title=\"Contacto\" href=\"https:\/\/www.gestoriaportol.com\/ca\/pressupost\/\" style=\"font-size:12px;\"><span class=\"w-btn-label\">Contacta amb nosaltres<\/span><\/a><\/div><\/div><\/div><\/div><\/div><\/div><\/div><\/section><section class=\"l-section wpb_row height_small\" id=\"reviews\"><div class=\"l-section-h i-cf\"><div class=\"g-cols vc_row via_flex valign_top type_default stacking_default\"><div class=\"vc_col-sm-12 wpb_column vc_column_container us_animate_afb\"><div class=\"vc_column-inner\"><div class=\"wpb_wrapper\"><div class=\"wpb_text_column\"><div class=\"wpb_wrapper\"><h2 style=\"text-align: center;\">Qu\u00e8 diuen de Gestor\u00eda P\u00f2rtol?<\/h2>\n<p style=\"text-align: center;\">La Gestoria P\u00f2rtol destaca per la seva efici\u00e8ncia i profesionalidad.\u00a1Mira el b\u00e9 que parlen de Gestoria P\u00f2rtol a la xarxa!<\/p>\n<\/div><\/div><div class=\"w-separator size_large\"><\/div><div class=\"g-cols wpb_row via_flex valign_top type_default stacking_default\"><div class=\"vc_col-sm-8 wpb_column vc_column_container\"><div class=\"vc_column-inner\"><div class=\"wpb_wrapper\"><div class=\"wpb_widgetised_column wpb_content_element\"><div class=\"wpb_wrapper\"><div id=\"fbrev_widget-2\" class=\"widget fb-reviews-widget\"><\/div><\/div><\/div><div class=\"w-separator size_medium\"><\/div><div class=\"wpb_widgetised_column wpb_content_element\"><div class=\"wpb_wrapper\"><div id=\"grw_widget-2\" class=\"widget google-reviews-widget\"><div class=\"wp-gr rpi wpac\" data-id=\"grw_widget-2\" data-layout=\"list\" data-exec=\"false\" data-options='{&quot;text_size&quot;:&quot;&quot;,&quot;trans&quot;:{&quot;read more&quot;:&quot;M\\u00e9s&quot;}}'><svg xmlns=\"http:\/\/www.w3.org\/2000\/svg\" style=\"display:none!important\"><symbol id=\"grw-tripadvisor\" viewBox=\"0 0 713.496 713.496\"><g><circle fill=\"#34E0A1\" cx=\"356.749\" cy=\"356.748\" r=\"356.748\"\/><path d=\"M577.095,287.152l43.049-46.836h-95.465c-47.792-32.646-105.51-51.659-167.931-51.659   c-62.342,0-119.899,19.054-167.612,51.659H93.432l43.049,46.836c-26.387,24.075-42.929,58.754-42.929,97.259   c0,72.665,58.914,131.578,131.579,131.578c34.519,0,65.968-13.313,89.446-35.077l42.172,45.919l42.172-45.879   c23.478,21.764,54.887,35.037,89.406,35.037c72.665,0,131.658-58.913,131.658-131.578   C620.024,345.866,603.483,311.188,577.095,287.152z M225.17,473.458c-49.188,0-89.047-39.859-89.047-89.047   s39.86-89.048,89.047-89.048c49.187,0,89.047,39.86,89.047,89.048S274.357,473.458,225.17,473.458z M356.788,381.82   c0-58.595-42.61-108.898-98.853-130.383c30.413-12.716,63.776-19.771,98.813-19.771s68.439,7.055,98.853,19.771   C399.399,272.962,356.788,323.226,356.788,381.82z M488.367,473.458c-49.188,0-89.048-39.859-89.048-89.047   s39.86-89.048,89.048-89.048s89.047,39.86,89.047,89.048S537.554,473.458,488.367,473.458z M488.367,337.694   c-25.79,0-46.677,20.887-46.677,46.677c0,25.789,20.887,46.676,46.677,46.676c25.789,0,46.676-20.887,46.676-46.676   C535.042,358.621,514.156,337.694,488.367,337.694z M271.846,384.411c0,25.789-20.887,46.676-46.676,46.676   s-46.676-20.887-46.676-46.676c0-25.79,20.887-46.677,46.676-46.677C250.959,337.694,271.846,358.621,271.846,384.411z\"\/><\/g><\/symbol><symbol id=\"grw-google\" viewBox=\"0 0 512 512\"><g fill=\"none\" fill-rule=\"evenodd\"><path d=\"M482.56 261.36c0-16.73-1.5-32.83-4.29-48.27H256v91.29h127.01c-5.47 29.5-22.1 54.49-47.09 71.23v59.21h76.27c44.63-41.09 70.37-101.59 70.37-173.46z\" fill=\"#4285f4\"\/><path d=\"M256 492c63.72 0 117.14-21.13 156.19-57.18l-76.27-59.21c-21.13 14.16-48.17 22.53-79.92 22.53-61.47 0-113.49-41.51-132.05-97.3H45.1v61.15c38.83 77.13 118.64 130.01 210.9 130.01z\" fill=\"#34a853\"\/><path d=\"M123.95 300.84c-4.72-14.16-7.4-29.29-7.4-44.84s2.68-30.68 7.4-44.84V150.01H45.1C29.12 181.87 20 217.92 20 256c0 38.08 9.12 74.13 25.1 105.99l78.85-61.15z\" fill=\"#fbbc05\"\/><path d=\"M256 113.86c34.65 0 65.76 11.91 90.22 35.29l67.69-67.69C373.03 43.39 319.61 20 256 20c-92.25 0-172.07 52.89-210.9 130.01l78.85 61.15c18.56-55.78 70.59-97.3 132.05-97.3z\" fill=\"#ea4335\"\/><path d=\"M20 20h472v472H20V20z\"\/><\/g><\/symbol><\/svg><div class=\"wp-google-list\"><div class=\"grw-header\"><div class=\"grw-header-inner rpi-flx rpi-row12\"><div class=\"grw-img-wrap\"><img decoding=\"async\" class=\"grw-img\" src=\"https:\/\/www.gestoriaportol.com\/wp-content\/plugins\/widget-google-reviews\/assets\/img\/gmblogo.svg\" loading=\"lazy\" alt=\"Gestoria Portol place picture\" width=\"50\" height=\"50\" onerror=\"if(this.src!='data:image\/gif;base64,R0lGODlhAQABAIAAAAAAAP\/\/\/yH5BAEAAAAALAAAAAABAAEAAAIBRAA7')this.src='data:image\/gif;base64,R0lGODlhAQABAIAAAAAAAP\/\/\/yH5BAEAAAAALAAAAAABAAEAAAIBRAA7';\" ><\/div><div class=\"rpi-flx rpi-col8\"><div class=\"wp-google-name\"><a href=\"https:\/\/maps.google.com\/?cid=6345928393243550328\" target=\"_blank\" rel=\"nofollow noopener\">Gestoria Portol<\/a><\/div><span class=\"rpi-stars\" style=\"--rating:4.8\">4.8<\/span><div class=\"wp-google-based\">Based on 5 reviews<\/div><div class=\"wp-google-powered\">powered by <span><span style=\"color:#3c6df0!important\">G<\/span><span style=\"color:#d93025!important\">o<\/span><span style=\"color:#fb8e28!important\">o<\/span><span style=\"color:#3c6df0!important\">g<\/span><span style=\"color:#188038!important\">l<\/span><span style=\"color:#d93025!important\">e<\/span><\/span><\/div><div class=\"wp-google-wr\"><a href=\"https:\/\/search.google.com\/local\/writereview?placeid=ChIJgc0-liKTlxIReOJYYUBEEVg\" target=\"_blank\" rel=\"nofollow noopener\" onclick=\"return rplg_leave_review_window.call(this)\">review us on<svg height=\"16\" width=\"16\" role=\"none\"><use href=\"#grw-google\"><\/use><\/svg><\/a><\/div><\/div><\/div><\/div><div class=\"rpi-flx rpi-col16\"><div class=\"wp-google-review\"><div class=\"rpi-flx rpi-row12\"><div class=\"grw-img-wrap\"><img decoding=\"async\" class=\"grw-img\" src=\"https:\/\/lh5.googleusercontent.com\/-GxNN2QyfgGw\/AAAAAAAAAAI\/AAAAAAAAAAA\/ACnBePZHeqhx27YA_LJwOQmywBoOXFLdag\/s128-c0x00000000-cc-rp-mo\/photo.jpg\" loading=\"lazy\" alt=\"Marcos Pulet Beltran profile picture\" width=\"50\" height=\"50\" onerror=\"if(this.src!='https:\/\/www.gestoriaportol.com\/wp-content\/plugins\/widget-google-reviews\/assets\/img\/guest.png')this.src='https:\/\/www.gestoriaportol.com\/wp-content\/plugins\/widget-google-reviews\/assets\/img\/guest.png';\" ><\/div><div class=\"rpi-flx rpi-col4\"><a href=\"https:\/\/www.google.com\/maps\/contrib\/111034741120742781343\/reviews\" class=\"wp-google-name\" target=\"_blank\" rel=\"nofollow noopener\">Marcos Pulet Beltran<\/a><div class=\"wp-google-time\" data-time=\"1505319502\">16:18 13 Sep 17<\/div><div class=\"wp-google-feedback\"><span class=\"rpi-stars\" style=\"--rating:4\"><\/span><span class=\"wp-google-text\">Me han tratado con respeto y profesionalidad una experiencia agradable.<\/span><\/div><\/div><\/div><\/div><div class=\"wp-google-review\"><div class=\"rpi-flx rpi-row12\"><div class=\"grw-img-wrap\"><img decoding=\"async\" class=\"grw-img\" src=\"https:\/\/lh3.googleusercontent.com\/-rLvseoeLzO0\/AAAAAAAAAAI\/AAAAAAAAAEA\/ZKEkn6UsEWM\/s128-c0x00000000-cc-rp-mo\/photo.jpg\" loading=\"lazy\" alt=\"Giraluna Maddy profile picture\" width=\"50\" height=\"50\" onerror=\"if(this.src!='https:\/\/www.gestoriaportol.com\/wp-content\/plugins\/widget-google-reviews\/assets\/img\/guest.png')this.src='https:\/\/www.gestoriaportol.com\/wp-content\/plugins\/widget-google-reviews\/assets\/img\/guest.png';\" ><\/div><div class=\"rpi-flx rpi-col4\"><a href=\"https:\/\/www.google.com\/maps\/contrib\/104268949566250676673\/reviews\" class=\"wp-google-name\" target=\"_blank\" rel=\"nofollow noopener\">Giraluna Maddy<\/a><div class=\"wp-google-time\" data-time=\"1503346756\">20:19 21 Aug 17<\/div><div class=\"wp-google-feedback\"><span class=\"rpi-stars\" style=\"--rating:5\"><\/span><span class=\"wp-google-text\">Muy buen trato, mucha rapidez y profesionalidad!<\/span><\/div><\/div><\/div><\/div><div class=\"wp-google-review wp-google-hide\"><div class=\"rpi-flx rpi-row12\"><div class=\"grw-img-wrap\"><img decoding=\"async\" class=\"grw-img\" src=\"https:\/\/lh6.googleusercontent.com\/-lkQHMBjWWaI\/AAAAAAAAAAI\/AAAAAAAAAAA\/ACnBePZ1xT9tydc8CpPhmwLGcH45pmSVjw\/s128-c0x00000000-cc-rp-mo-ba2\/photo.jpg\" loading=\"lazy\" alt=\"Marcos Mateu profile picture\" width=\"50\" height=\"50\" onerror=\"if(this.src!='https:\/\/www.gestoriaportol.com\/wp-content\/plugins\/widget-google-reviews\/assets\/img\/guest.png')this.src='https:\/\/www.gestoriaportol.com\/wp-content\/plugins\/widget-google-reviews\/assets\/img\/guest.png';\" ><\/div><div class=\"rpi-flx rpi-col4\"><a href=\"https:\/\/www.google.com\/maps\/contrib\/104062848638152205791\/reviews\" class=\"wp-google-name\" target=\"_blank\" rel=\"nofollow noopener\">Marcos Mateu<\/a><div class=\"wp-google-time\" data-time=\"1497262765\">10:19 12 Jun 17<\/div><div class=\"wp-google-feedback\"><span class=\"rpi-stars\" style=\"--rating:5\"><\/span><span class=\"wp-google-text\">Eficiencia <\/span><\/div><\/div><\/div><\/div><div class=\"wp-google-review wp-google-hide\"><div class=\"rpi-flx rpi-row12\"><div class=\"grw-img-wrap\"><img decoding=\"async\" class=\"grw-img\" src=\"https:\/\/lh3.googleusercontent.com\/-eOVsXGsBWC8\/AAAAAAAAAAI\/AAAAAAAAAAA\/ACnBePYQqGZ3BfdM5BpUPSFi1v6J3jCZ-A\/s128-c0x00000000-cc-rp-mo-ba3\/photo.jpg\" loading=\"lazy\" alt=\"Valeria R profile picture\" width=\"50\" height=\"50\" onerror=\"if(this.src!='https:\/\/www.gestoriaportol.com\/wp-content\/plugins\/widget-google-reviews\/assets\/img\/guest.png')this.src='https:\/\/www.gestoriaportol.com\/wp-content\/plugins\/widget-google-reviews\/assets\/img\/guest.png';\" ><\/div><div class=\"rpi-flx rpi-col4\"><a href=\"https:\/\/www.google.com\/maps\/contrib\/107301770572171106748\/reviews\" class=\"wp-google-name\" target=\"_blank\" rel=\"nofollow noopener\">Valeria R<\/a><div class=\"wp-google-time\" data-time=\"1496565140\">08:32 04 Jun 17<\/div><div class=\"wp-google-feedback\"><span class=\"rpi-stars\" style=\"--rating:5\"><\/span><span class=\"wp-google-text\">Excelente gestor\u00eda, eficaz muy r\u00e1pida, cada vez que tengo que hacer una transferencia voy ah\u00ed un 10 sin lugar a duda<\/span><\/div><\/div><\/div><\/div><div class=\"wp-google-review wp-google-hide\"><div class=\"rpi-flx rpi-row12\"><div class=\"grw-img-wrap\"><img decoding=\"async\" class=\"grw-img\" src=\"https:\/\/lh5.googleusercontent.com\/-GwCHjANXrUs\/AAAAAAAAAAI\/AAAAAAAABVM\/KyzW0ZyqqTk\/s128-c0x00000000-cc-rp-mo\/photo.jpg\" loading=\"lazy\" alt=\"Juan Prades profile picture\" width=\"50\" height=\"50\" onerror=\"if(this.src!='https:\/\/www.gestoriaportol.com\/wp-content\/plugins\/widget-google-reviews\/assets\/img\/guest.png')this.src='https:\/\/www.gestoriaportol.com\/wp-content\/plugins\/widget-google-reviews\/assets\/img\/guest.png';\" ><\/div><div class=\"rpi-flx rpi-col4\"><a href=\"https:\/\/www.google.com\/maps\/contrib\/115599130601623976907\/reviews\" class=\"wp-google-name\" target=\"_blank\" rel=\"nofollow noopener\">Juan Prades<\/a><div class=\"wp-google-time\" data-time=\"1495256349\">04:59 20 May 17<\/div><div class=\"wp-google-feedback\"><span class=\"rpi-stars\" style=\"--rating:5\"><\/span><span class=\"wp-google-text\">Te atienden con amabilidad. <\/span><\/div><\/div><\/div><\/div><\/div><a class=\"wp-google-url\" href=\"#\" onclick=\"return rplg_next_reviews.call(this, 'wp-google', 2);\">Seg\u00fcents<\/a><\/div><\/div><\/div><\/div><\/div><\/div><\/div><\/div><div class=\"vc_col-sm-4 wpb_column vc_column_container\"><div class=\"vc_column-inner\"><div class=\"wpb_wrapper\"><div class=\"wpb_widgetised_column wpb_content_element\"><div class=\"wpb_wrapper\"><div id=\"custom_html-2\" class=\"widget_text widget widget_custom_html\"><div class=\"textwidget custom-html-widget\"><div id=\"fb-root\"><\/div>\r\n<script async defer crossorigin=\"anonymous\" src=\"https:\/\/connect.facebook.net\/ca_ES\/sdk.js#xfbml=1&version=v3.2&appId=236071129773118&autoLogAppEvents=1\"><\/script>\r\n<div class=\"fb-page\" data-href=\"https:\/\/www.facebook.com\/gestoriaportol\/\" data-tabs=\"timeline\" data-small-header=\"true\" data-adapt-container-width=\"true\" data-hide-cover=\"true\" data-show-facepile=\"false\"><blockquote cite=\"https:\/\/www.facebook.com\/gestoriaportol\/\" class=\"fb-xfbml-parse-ignore\"><a href=\"https:\/\/www.facebook.com\/gestoriaportol\/\">Gestor\u00eda P\u00f2rtol<\/a><\/blockquote><\/div><\/div><\/div><\/div><\/div><\/div><\/div><\/div><\/div><\/div><\/div><\/div><\/div><\/div><\/section><section class=\"l-section wpb_row height_small\"><div class=\"l-section-h i-cf\"><div class=\"g-cols vc_row via_flex valign_top type_default stacking_default\"><div class=\"vc_col-sm-12 wpb_column vc_column_container\"><div class=\"vc_column-inner\"><div class=\"wpb_wrapper\"><div class=\"w-actionbox color_primary controls_right\"><div class=\"w-actionbox-text\"><h2 class=\"w-actionbox-title\">M\u00e9s informaci\u00f3?<\/h2><\/div><div class=\"w-actionbox-controls\"><a class=\"w-btn us-btn-style_2\" title=\"Contacto\" href=\"https:\/\/www.gestoriaportol.com\/ca\/contacto\/\" style=\"font-size:12px;\"><span class=\"w-btn-label\">Contacta amb nosaltres<\/span><\/a><\/div><\/div><\/div><\/div><\/div><\/div><\/div><\/section>\n","protected":false},"excerpt":{"rendered":"Horari De dilluns a divendres de 8:00 a 20:00. No tanquem al migdia. Dissabtes (excepte agost) de 9:00 a 13:00 Matriculacions de vehicles estrangersTransfer\u00e8ncies telem\u00e0tiquesBaixes temporales i definitives Transfer\u00e8ncia d&#8217;embarcacionsTargetes de transportInforme vehicles DGTSol\u00b7licita pressupostContacta amb nosaltresQu\u00e8 diuen de Gestor\u00eda P\u00f2rtol? La Gestoria P\u00f2rtol destaca per la seva efici\u00e8ncia i profesionalidad.\u00a1Mira el b\u00e9 que parlen...","protected":false},"author":1,"featured_media":0,"parent":0,"menu_order":0,"comment_status":"closed","ping_status":"closed","template":"","meta":{"footnotes":""},"class_list":["post-6910","page","type-page","status-publish","hentry"],"_links":{"self":[{"href":"https:\/\/www.gestoriaportol.com\/ca\/wp-json\/wp\/v2\/pages\/6910","targetHints":{"allow":["GET"]}}],"collection":[{"href":"https:\/\/www.gestoriaportol.com\/ca\/wp-json\/wp\/v2\/pages"}],"about":[{"href":"https:\/\/www.gestoriaportol.com\/ca\/wp-json\/wp\/v2\/types\/page"}],"author":[{"embeddable":true,"href":"https:\/\/www.gestoriaportol.com\/ca\/wp-json\/wp\/v2\/users\/1"}],"replies":[{"embeddable":true,"href":"https:\/\/www.gestoriaportol.com\/ca\/wp-json\/wp\/v2\/comments?post=6910"}],"version-history":[{"count":14,"href":"https:\/\/www.gestoriaportol.com\/ca\/wp-json\/wp\/v2\/pages\/6910\/revisions"}],"predecessor-version":[{"id":7331,"href":"https:\/\/www.gestoriaportol.com\/ca\/wp-json\/wp\/v2\/pages\/6910\/revisions\/7331"}],"wp:attachment":[{"href":"https:\/\/www.gestoriaportol.com\/ca\/wp-json\/wp\/v2\/media?parent=6910"}],"curies":[{"name":"wp","href":"https:\/\/api.w.org\/{rel}","templated":true}]}}